{"id":185,"date":"2019-04-18T11:08:43","date_gmt":"2019-04-18T09:08:43","guid":{"rendered":"https:\/\/envothemes.com\/envo-ecommerce\/product\/import-placeholder-for-61\/"},"modified":"2025-05-27T11:14:08","modified_gmt":"2025-05-27T09:14:08","slug":"lit-xpress-low","status":"publish","type":"product","link":"https:\/\/domitec.ch\/?product=lit-xpress-low","title":{"rendered":"Lit x&rsquo;press low (alzheimer)<br> D\u00e8s 2450.00 francs"},"content":{"rendered":"<p>Lit X&rsquo;Press Low a\u00a0pour but de pr\u00e9server l&rsquo;autonomie r\u00e9siduelle\u00a0des personnes \u00e2g\u00e9es ayant une fragilit\u00e9 cognitive, en agissant sur la\u00a0diminution de la gravit\u00e9\u00a0des chutes du lit, et\u00a0la r\u00e9duction\u00a0de l&rsquo;usage des contentions au lit (physiques, chimiques, psychologiques)<\/p>\n<p>Grandeur surface couch\u00e9e : 90 x 200 cm<br \/>\nPoids max du patient 135 kg<br \/>\nCharge de fonctionnement max 170 kg<br \/>\nLivr\u00e9 avec potence et barri\u00e8res<br \/>\nR\u00e9glage \u00e9lectrique de la hauteur, du dos et des jambes<br \/>\nPlicature des genoux incluses<br \/>\nAmplitude de hauteur du sommier variable de: 24 \u00e0 80 cm<br \/>\nRel\u00e8ve jambes \u00e9lectrique<br \/>\nRoues diam\u00e8tre 100mm<br \/>\nT\u00e9l\u00e9commande avec verrouillage<br \/>\nLit m\u00e9dicalis\u00e9 compatible avec S.A.M (Syst\u00e8me d&rsquo;Aide \u00e0 la Mobilit\u00e9)<br \/>\nDiverses couleurs et options possibles<br \/>\nExiste en diff\u00e9rentes dimensions<\/p>\n","protected":false},"excerpt":{"rendered":"<h4><a href=\"https:\/\/domitec.ch\/?page_id=6960\" target=\"_blank\" rel=\"noopener\">Je suis int\u00e9ress\u00e9-e par cet article<\/a><\/h4>\n<p>Le lit\u00a0X&rsquo;Press Low\u00a0a pour but de pr\u00e9server\u00a0l&rsquo;autonomie r\u00e9siduelle\u00a0des personnes \u00e2g\u00e9es ayant une fragilit\u00e9 cognitive, en agissant sur la\u00a0diminution de la gravit\u00e9\u00a0des chutes du lit, et\u00a0la r\u00e9duction\u00a0de l&rsquo;usage des contentions au lit (physiques, chimiques, psychologiques)<\/p>\n","protected":false},"featured_media":5286,"template":"","meta":{"advanced_seo_description":"","jetpack_seo_html_title":"","jetpack_seo_noindex":false,"jetpack_seo_schema_type":"","jetpack_publicize_message":"","jetpack_publicize_feature_enabled":true,"jetpack_social_post_already_shared":true,"jetpack_social_options":{"image_generator_settings":{"template":"highway","default_image_id":0,"font":"","enabled":false},"version":2}},"product_brand":[],"product_cat":[6383],"product_tag":[],"class_list":["post-185","product","type-product","status-publish","has-post-thumbnail","product_cat-da-lits","first","instock","taxable","shipping-taxable","product-type-simple"],"jetpack_publicize_connections":[],"jetpack_likes_enabled":false,"jetpack_sharing_enabled":false,"jetpack-related-posts":[{"id":181,"url":"https:\/\/domitec.ch\/?product=lit-xpress-xxl","url_meta":{"origin":185,"position":0},"title":"Lit x&rsquo;press Largeur 120cm  D\u00e8s 4450.00 francs","author":"Cyril Hug","date":"18 avril 2019","format":false,"excerpt":"Je suis int\u00e9ress\u00e9-e par cet article Lit m\u00e9dicalis\u00e9 pour des patients d\u2019un poids de plus de 135 kg ayant perdu leur autonomie motrice. Lit autoportant.","rel":"","context":"Article similaire","block_context":{"text":"Article similaire","link":""},"img":{"alt_text":"","src":"https:\/\/i0.wp.com\/domitec.ch\/wp-content\/uploads\/2019\/04\/Lit-XL-XPRESS-3697098304-e1673343726327.jpg?fit=655%2C495&ssl=1&resize=350%2C200","width":350,"height":200,"srcset":"https:\/\/i0.wp.com\/domitec.ch\/wp-content\/uploads\/2019\/04\/Lit-XL-XPRESS-3697098304-e1673343726327.jpg?fit=655%2C495&ssl=1&resize=350%2C200 1x, https:\/\/i0.wp.com\/domitec.ch\/wp-content\/uploads\/2019\/04\/Lit-XL-XPRESS-3697098304-e1673343726327.jpg?fit=655%2C495&ssl=1&resize=525%2C300 1.5x"},"classes":[]},{"id":6993,"url":"https:\/\/domitec.ch\/?product=lit-xpress-largeur-140cm-des-5200-00-francs","url_meta":{"origin":185,"position":1},"title":"Lit X&rsquo;press Largeur 140cm  D\u00e8s 4950.00 francs","author":"Cyril Hug","date":"9 mars 2023","format":false,"excerpt":"Je suis int\u00e9ress\u00e9-e par cet article Lit m\u00e9dicalis\u00e9 adapt\u00e9 \u00e0 la prise en charge des personnes allong\u00e9es ayant perdu leur autonomie motrice Cette perte d\u2019autonomie peut \u00eatre transitoire ou d\u00e9finitive","rel":"","context":"Article similaire","block_context":{"text":"Article similaire","link":""},"img":{"alt_text":"","src":"https:\/\/i0.wp.com\/domitec.ch\/wp-content\/uploads\/2019\/04\/Lit-XL-XPRESS-3697098304-e1673343726327.jpg?fit=655%2C495&ssl=1&resize=350%2C200","width":350,"height":200,"srcset":"https:\/\/i0.wp.com\/domitec.ch\/wp-content\/uploads\/2019\/04\/Lit-XL-XPRESS-3697098304-e1673343726327.jpg?fit=655%2C495&ssl=1&resize=350%2C200 1x, https:\/\/i0.wp.com\/domitec.ch\/wp-content\/uploads\/2019\/04\/Lit-XL-XPRESS-3697098304-e1673343726327.jpg?fit=655%2C495&ssl=1&resize=525%2C300 1.5x"},"classes":[]},{"id":598,"url":"https:\/\/domitec.ch\/?product=lit-xpress","url_meta":{"origin":185,"position":2},"title":"Lit X&rsquo;press  D\u00e8s 2330.00 francs","author":"Cyril Hug","date":"29 mai 2022","format":false,"excerpt":"Je suis int\u00e9ress\u00e9-e par cet article Lit m\u00e9dicalis\u00e9 adapt\u00e9 \u00e0 la prise en charge des personnes allong\u00e9es ayant perdu leur autonomie motrice Cette perte d\u2019autonomie peut \u00eatre transitoire ou d\u00e9finitive","rel":"","context":"Article similaire","block_context":{"text":"Article similaire","link":""},"img":{"alt_text":"","src":"https:\/\/i0.wp.com\/domitec.ch\/wp-content\/uploads\/2022\/05\/xpress_avec_barrieres_et_potence_px_madelia-3238013624-e1673343714980.jpg?fit=1200%2C841&ssl=1&resize=350%2C200","width":350,"height":200,"srcset":"https:\/\/i0.wp.com\/domitec.ch\/wp-content\/uploads\/2022\/05\/xpress_avec_barrieres_et_potence_px_madelia-3238013624-e1673343714980.jpg?fit=1200%2C841&ssl=1&resize=350%2C200 1x, https:\/\/i0.wp.com\/domitec.ch\/wp-content\/uploads\/2022\/05\/xpress_avec_barrieres_et_potence_px_madelia-3238013624-e1673343714980.jpg?fit=1200%2C841&ssl=1&resize=525%2C300 1.5x, https:\/\/i0.wp.com\/domitec.ch\/wp-content\/uploads\/2022\/05\/xpress_avec_barrieres_et_potence_px_madelia-3238013624-e1673343714980.jpg?fit=1200%2C841&ssl=1&resize=700%2C400 2x, https:\/\/i0.wp.com\/domitec.ch\/wp-content\/uploads\/2022\/05\/xpress_avec_barrieres_et_potence_px_madelia-3238013624-e1673343714980.jpg?fit=1200%2C841&ssl=1&resize=1050%2C600 3x"},"classes":[]},{"id":182,"url":"https:\/\/domitec.ch\/?product=lit-electrique-a-inserer","url_meta":{"origin":185,"position":3},"title":"lit \u00e9lectrique \u00e0 ins\u00e9rer  D\u00e8s 2300.00 francs","author":"Cyril Hug","date":"18 avril 2019","format":false,"excerpt":"Je suis int\u00e9ress\u00e9-e par cet article Le syst\u00e8me \u00ab lit dans le lit \u00bb pour remplacer votre sommier","rel":"","context":"Article similaire","block_context":{"text":"Article similaire","link":""},"img":{"alt_text":"","src":"https:\/\/i0.wp.com\/domitec.ch\/wp-content\/uploads\/2019\/04\/lit-inserer-3156850185-e1673344137277.jpg?fit=763%2C585&ssl=1&resize=350%2C200","width":350,"height":200,"srcset":"https:\/\/i0.wp.com\/domitec.ch\/wp-content\/uploads\/2019\/04\/lit-inserer-3156850185-e1673344137277.jpg?fit=763%2C585&ssl=1&resize=350%2C200 1x, https:\/\/i0.wp.com\/domitec.ch\/wp-content\/uploads\/2019\/04\/lit-inserer-3156850185-e1673344137277.jpg?fit=763%2C585&ssl=1&resize=525%2C300 1.5x, https:\/\/i0.wp.com\/domitec.ch\/wp-content\/uploads\/2019\/04\/lit-inserer-3156850185-e1673344137277.jpg?fit=763%2C585&ssl=1&resize=700%2C400 2x"},"classes":[]},{"id":7315,"url":"https:\/\/domitec.ch\/?product=lit-pivotant-et-stand-up-des-6890-00-francs","url_meta":{"origin":185,"position":4},"title":"Lit pivotant et stand-Up  D\u00e8s 6890.00 Francs","author":"Cyril Hug","date":"10 avril 2023","format":false,"excerpt":"Je suis int\u00e9ress\u00e9-e par cet article Lit pivotant enti\u00e8rement \u00e9lectrique sur toutes les fonctions, de la position couch\u00e9e \u00e0 la position assise","rel":"","context":"Article similaire","block_context":{"text":"Article similaire","link":""},"img":{"alt_text":"","src":"https:\/\/i0.wp.com\/domitec.ch\/wp-content\/uploads\/2023\/04\/Lit-stand-up-e1681115003664.jpg?fit=560%2C500&ssl=1&resize=350%2C200","width":350,"height":200,"srcset":"https:\/\/i0.wp.com\/domitec.ch\/wp-content\/uploads\/2023\/04\/Lit-stand-up-e1681115003664.jpg?fit=560%2C500&ssl=1&resize=350%2C200 1x, https:\/\/i0.wp.com\/domitec.ch\/wp-content\/uploads\/2023\/04\/Lit-stand-up-e1681115003664.jpg?fit=560%2C500&ssl=1&resize=525%2C300 1.5x"},"classes":[]},{"id":183,"url":"https:\/\/domitec.ch\/?product=lit-aerys","url_meta":{"origin":185,"position":5},"title":"Lit Aerys  D\u00e8s 3300.00 francs","author":"Cyril Hug","date":"18 avril 2019","format":false,"excerpt":"Je suis int\u00e9ress\u00e9-e par cet article Lit m\u00e9dical adapt\u00e9 \u00e0 la prise en charge des personnes en position allong\u00e9e ayant perdu leur autonomie motrice de mani\u00e8re transitoire ou d\u00e9finitive, pr\u00e9sentant un risque de chuter du lit. Pour patients n\u00e9cessitant des soins m\u00e9dicalis\u00e9s. Le lit m\u00e9dicalis\u00e9 AERYS est \u00e9quip\u00e9 de s\u00e9rie\u2026","rel":"","context":"Article similaire","block_context":{"text":"Article similaire","link":""},"img":{"alt_text":"","src":"https:\/\/i0.wp.com\/domitec.ch\/wp-content\/uploads\/2019\/04\/Lit-Aerys2-3535347224-e1673344130940.jpg?fit=719%2C597&ssl=1&resize=350%2C200","width":350,"height":200,"srcset":"https:\/\/i0.wp.com\/domitec.ch\/wp-content\/uploads\/2019\/04\/Lit-Aerys2-3535347224-e1673344130940.jpg?fit=719%2C597&ssl=1&resize=350%2C200 1x, https:\/\/i0.wp.com\/domitec.ch\/wp-content\/uploads\/2019\/04\/Lit-Aerys2-3535347224-e1673344130940.jpg?fit=719%2C597&ssl=1&resize=525%2C300 1.5x, https:\/\/i0.wp.com\/domitec.ch\/wp-content\/uploads\/2019\/04\/Lit-Aerys2-3535347224-e1673344130940.jpg?fit=719%2C597&ssl=1&resize=700%2C400 2x"},"classes":[]}],"_links":{"self":[{"href":"https:\/\/domitec.ch\/index.php?rest_route=\/wp\/v2\/product\/185","targetHints":{"allow":["GET"]}}],"collection":[{"href":"https:\/\/domitec.ch\/index.php?rest_route=\/wp\/v2\/product"}],"about":[{"href":"https:\/\/domitec.ch\/index.php?rest_route=\/wp\/v2\/types\/product"}],"wp:featuredmedia":[{"embeddable":true,"href":"https:\/\/domitec.ch\/index.php?rest_route=\/wp\/v2\/media\/5286"}],"wp:attachment":[{"href":"https:\/\/domitec.ch\/index.php?rest_route=%2Fwp%2Fv2%2Fmedia&parent=185"}],"wp:term":[{"taxonomy":"product_brand","embeddable":true,"href":"https:\/\/domitec.ch\/index.php?rest_route=%2Fwp%2Fv2%2Fproduct_brand&post=185"},{"taxonomy":"product_cat","embeddable":true,"href":"https:\/\/domitec.ch\/index.php?rest_route=%2Fwp%2Fv2%2Fproduct_cat&post=185"},{"taxonomy":"product_tag","embeddable":true,"href":"https:\/\/domitec.ch\/index.php?rest_route=%2Fwp%2Fv2%2Fproduct_tag&post=185"}],"curies":[{"name":"wp","href":"https:\/\/api.w.org\/{rel}","templated":true}]}}